{"id":2230,"date":"2024-02-23T19:17:17","date_gmt":"2024-02-23T17:17:17","guid":{"rendered":"https:\/\/tinyhouses.travel\/?post_type=mobilny-dom&#038;p=2230"},"modified":"2025-04-09T14:41:15","modified_gmt":"2025-04-09T12:41:15","slug":"mirrror-house","status":"publish","type":"mobilny-dom","link":"https:\/\/tinyhouses.travel\/cz\/mobilny-dom\/mirrror-house\/","title":{"rendered":"Mirror house"},"content":{"rendered":"<p><strong>Tou\u017e\u00edte okouzlit a b\u00fdt v\u00fdjime\u010dn\u00fd? Chcete b\u00fdt v harmonii s p\u0159\u00edrodou a z\u00e1rove\u0148 m\u00edt komfort luxusn\u00edho hotelu uprost\u0159ed p\u0159\u00edrody? <\/strong><\/p>\n<p><strong>Tento d\u016fm je rozhodn\u011b pro v\u00e1s. V nab\u00eddce je zcela nov\u00fd, modern\u00ed a stylov\u00fd zrcadlov\u00fd d\u016fm, kter\u00fd spln\u00ed v\u0161echny n\u00e1roky va\u0161ich host\u016f a vyst\u0159el\u00ed va\u0161e ubytov\u00e1n\u00ed na nejvy\u0161\u0161\u00ed p\u0159\u00ed\u010dky.\u00a0<\/strong><\/p>\n<p>Mirror house m\u00e1 o d\u00e9lce 8m a \u0161\u00ed\u0159ce 3m, ide\u00e1ln\u00ed rozlohu a\u017e 24m2. V tomto mal\u00e9m ale z\u00e1rove\u0148 velkorys\u00e9m prostoru pro kr\u00e1tkodob\u00e9 ubytov\u00e1n\u00ed, budou host\u00e9 \u010delit kr\u00e1sn\u00fdm v\u00fdhled\u016fm z pohodl\u00ed domova. D\u00edky 3 prosklen\u00fdm st\u011bn\u00e1m z kvalitn\u00edho (6 mm + 6 mm) skla a siln\u00e9 izolaci si budete moci vychutn\u00e1vat pobyt v jak\u00e9mkoli ro\u010dn\u00edm obdob\u00ed.<\/p>\n<ul>\n<li><span class=\"OYPEnA text-decoration-none text-strikethrough-none\">Zabra\u0148uje p\u0159estupu slune\u010dn\u00edho tepla do domu, reguluje sv\u00edtivost slune\u010dn\u00edho sv\u011btla, udr\u017euje uvnit\u0159 chladn\u011bj\u0161\u00ed teplotu a sni\u017euje spot\u0159ebu energie.<\/span><\/li>\n<li class=\"cvGsUA direction-ltr align-center para-style-body\"><span class=\"OYPEnA text-decoration-none text-strikethrough-none\">Vytv\u00e1\u0159\u00ed zrcadlov\u00fd efekt z jasn\u011bj\u0161\u00edho sm\u011bru sv\u011btla. Nap\u0159\u00edklad; b\u011bhem dne poskytuje jednosm\u011brn\u00fd pohled zevnit\u0159 ven.<\/span><\/li>\n<\/ul>\n<p><span class=\"OYPEnA text-decoration-none text-strikethrough-none\">V l\u00e9t\u011b jsou domy chlazen\u00e9 klimatiza\u010dn\u00ed jednotkou a spolu se zrcadlov\u00fdm sklem, kter\u00e9 odr\u00e1\u017e\u00ed 97% UV sv\u011btla, z\u016fst\u00e1vaj\u00ed domy p\u0159\u00edjemn\u011b chladn\u00e9 a je viditeln\u00fd i pro pt\u00e1ky.<\/span><\/p>\n<p>P\u0159edstavte si, jak\u00e9 by to bylo m\u00edt d\u016fm jako z jin\u00e9 planety, kter\u00fd kontinu\u00e1ln\u011b kop\u00edruje emoci dan\u00e9ho momentu. O organick\u00fd marketing va\u0161eho budouc\u00edho ubytov\u00e1n\u00ed se rozhodn\u011b b\u00e1t nemus\u00edte.<\/p>\n<h3 class=\"\" data-start=\"126\" data-end=\"141\"><strong data-start=\"130\" data-end=\"141\">Rozm\u011bry<\/strong><\/h3>\n<ul data-start=\"143\" data-end=\"219\">\n<li class=\"\" data-start=\"143\" data-end=\"192\">\n<p class=\"\" data-start=\"145\" data-end=\"192\">D\u00e9lka: 8,00 mx \u0160\u00ed\u0159ka: 3,00 mx V\u00fd\u0161ka: 3,00 m<\/p>\n<\/li>\n<li class=\"\" data-start=\"193\" data-end=\"219\">\n<p class=\"\" data-start=\"195\" data-end=\"219\">Celkov\u00e1 plocha: 24,00 m\u00b2<\/p>\n<\/li>\n<\/ul>\n<hr class=\"\" data-start=\"221\" data-end=\"224\" \/>\n<h3 class=\"\" data-start=\"226\" data-end=\"263\"><strong data-start=\"230\" data-end=\"263\">Konstrukce, izolace, fas\u00e1da<\/strong><\/h3>\n<ul data-start=\"265\" data-end=\"421\">\n<li class=\"\" data-start=\"265\" data-end=\"305\">\n<p class=\"\" data-start=\"267\" data-end=\"305\"><strong data-start=\"267\" data-end=\"274\">R\u00e1m<\/strong>: Ocelov\u00fd r\u00e1m se \u0161roubov\u00e1n\u00edm<\/p>\n<\/li>\n<li class=\"\" data-start=\"306\" data-end=\"354\">\n<p class=\"\" data-start=\"308\" data-end=\"354\"><strong data-start=\"308\" data-end=\"320\">Izolace<\/strong>: Kamenn\u00e1 vlna, paroz\u00e1brana, XPS<\/p>\n<\/li>\n<li class=\"\" data-start=\"355\" data-end=\"421\">\n<p class=\"\" data-start=\"357\" data-end=\"421\"><strong data-start=\"357\" data-end=\"367\">Fas\u00e1da<\/strong>: Finsk\u00e9 Thermowood d\u0159evo a hlin\u00edkov\u00fd kompozitn\u00ed panel<\/p>\n<\/li>\n<\/ul>\n<hr class=\"\" data-start=\"423\" data-end=\"426\" \/>\n<h3 class=\"\" data-start=\"428\" data-end=\"440\"><strong data-start=\"432\" data-end=\"440\">Sklo<\/strong><\/h3>\n<ul data-start=\"442\" data-end=\"859\">\n<li class=\"\" data-start=\"442\" data-end=\"539\">\n<p class=\"\" data-start=\"444\" data-end=\"539\">3 strany obklopen\u00e9 vysoce reflexn\u00edm sklem a pr\u016fhledn\u00fdm sklem \u2013 v\u00fdhled zevnit\u0159 ven b\u011bhem dne<\/p>\n<\/li>\n<li class=\"\" data-start=\"540\" data-end=\"681\">\n<p class=\"\" data-start=\"542\" data-end=\"681\">Zabra\u0148uje p\u0159estupu slune\u010dn\u00edho tepla do budovy, reguluje intenzitu slune\u010dn\u00edho sv\u011btla, udr\u017euje vnit\u0159ek chladn\u011bji a sni\u017euje spot\u0159ebu energie<\/p>\n<\/li>\n<li class=\"\" data-start=\"682\" data-end=\"783\">\n<p class=\"\" data-start=\"684\" data-end=\"783\">Vytv\u00e1\u0159\u00ed zrcadlov\u00fd efekt ze sv\u011btlej\u0161\u00ed strany \u2013 umo\u017e\u0148uje jednosm\u011brn\u00fd pohled zevnit\u0159 ven b\u011bhem dne<\/p>\n<\/li>\n<li class=\"\" data-start=\"784\" data-end=\"859\">\n<p class=\"\" data-start=\"786\" data-end=\"859\">Dvouvrstv\u00e9 izola\u010dn\u00ed sklen\u011bn\u00e9 jednotky (6 mm + 6 mm) s reflexn\u00ed vrstvou<\/p>\n<\/li>\n<\/ul>\n<hr class=\"\" data-start=\"861\" data-end=\"864\" \/>\n<h3 class=\"\" data-start=\"866\" data-end=\"882\"><strong data-start=\"870\" data-end=\"882\">Interi\u00e9r<\/strong><\/h3>\n<ul data-start=\"884\" data-end=\"1184\">\n<li class=\"\" data-start=\"884\" data-end=\"940\">\n<p class=\"\" data-start=\"886\" data-end=\"940\">P\u0159\u00edpojky na \u010distou a odpadn\u00ed vodu, umyvadlo, baterie<\/p>\n<\/li>\n<li class=\"\" data-start=\"941\" data-end=\"977\">\n<p class=\"\" data-start=\"943\" data-end=\"977\">Bojler na oh\u0159ev vody \u2013 40 litr\u016f<\/p>\n<\/li>\n<li class=\"\" data-start=\"978\" data-end=\"1016\">\n<p class=\"\" data-start=\"980\" data-end=\"1016\">Vyh\u0159\u00edvan\u00e9 hlin\u00edkov\u00e9 vstupn\u00ed dve\u0159e<\/p>\n<\/li>\n<li class=\"\" data-start=\"1017\" data-end=\"1042\">\n<p class=\"\" data-start=\"1019\" data-end=\"1042\">Prvot\u0159\u00eddn\u00ed oblo\u017een\u00ed<\/p>\n<\/li>\n<li class=\"\" data-start=\"1043\" data-end=\"1075\">\n<p class=\"\" data-start=\"1045\" data-end=\"1075\">Lamin\u00e1tov\u00e1 podlaha - parkety<\/p>\n<\/li>\n<li class=\"\" data-start=\"1076\" data-end=\"1150\">\n<p class=\"\" data-start=\"1078\" data-end=\"1150\">Masivn\u00ed dubov\u00e1 lavice, sk\u0159\u00ed\u0148ka s ty\u010d\u00ed a uzamyk\u00e1n\u00edm, baterie a kohoutek<\/p>\n<\/li>\n<li class=\"\" data-start=\"1151\" data-end=\"1184\">\n<p class=\"\" data-start=\"1153\" data-end=\"1184\">Konfigurovateln\u00e9 LED osv\u011btlen\u00ed<\/p>\n<\/li>\n<\/ul>\n<hr class=\"\" data-start=\"1186\" data-end=\"1189\" \/>\n<h3 class=\"\" data-start=\"1191\" data-end=\"1222\"><strong data-start=\"1195\" data-end=\"1222\">Voliteln\u00e9 p\u0159\u00edslu\u0161enstv\u00ed<\/strong><\/h3>\n<ul data-start=\"1224\" data-end=\"1532\">\n<li class=\"\" data-start=\"1224\" data-end=\"1283\">\n<p class=\"\" data-start=\"1226\" data-end=\"1283\"><strong data-start=\"1226\" data-end=\"1233\">OP1<\/strong> \u2013 N\u00e1st\u011bnn\u00e1 klimatizace 24 000 BTU A++ Inverter<\/p>\n<\/li>\n<li class=\"\" data-start=\"1284\" data-end=\"1339\">\n<p class=\"\" data-start=\"1286\" data-end=\"1339\"><strong data-start=\"1286\" data-end=\"1293\">OP2<\/strong> \u2013 N\u00e1st\u011bnn\u00e1 klimatizace 18 000 BTU Inverter<\/p>\n<\/li>\n<li class=\"\" data-start=\"1340\" data-end=\"1371\">\n<p class=\"\" data-start=\"1342\" data-end=\"1371\"><strong data-start=\"1342\" data-end=\"1349\">OP3<\/strong> \u2013 Inteligentn\u00ed okno<\/p>\n<\/li>\n<li class=\"\" data-start=\"1372\" data-end=\"1402\">\n<p class=\"\" data-start=\"1374\" data-end=\"1402\"><strong data-start=\"1374\" data-end=\"1381\">OP4<\/strong> \u2013 Veranda \/ terasa<\/p>\n<\/li>\n<li class=\"\" data-start=\"1403\" data-end=\"1433\">\n<p class=\"\" data-start=\"1405\" data-end=\"1433\"><strong data-start=\"1405\" data-end=\"1412\">OP5<\/strong> \u2013 Mark\u00fdza, z\u00e1clona<\/p>\n<\/li>\n<li class=\"\" data-start=\"1434\" data-end=\"1472\">\n<p class=\"\" data-start=\"1436\" data-end=\"1472\"><strong data-start=\"1436\" data-end=\"1443\">OP6<\/strong> \u2013 Mini chladni\u010dka, v\u00ed\u0159ivka<\/p>\n<\/li>\n<li class=\"\" data-start=\"1473\" data-end=\"1506\">\n<p class=\"\" data-start=\"1475\" data-end=\"1506\"><strong data-start=\"1475\" data-end=\"1482\">OP7<\/strong> \u2013 Mikrovlnka, k\u00e1vovar<\/p>\n<\/li>\n<li class=\"\" data-start=\"1507\" data-end=\"1532\">\n<p class=\"\" data-start=\"1509\" data-end=\"1532\"><strong data-start=\"1509\" data-end=\"1516\">OP8<\/strong> \u2013 Sol\u00e1rn\u00ed panel<\/p>\n<\/li>\n<\/ul>\n<p>V\u0161echny nab\u00eddky dom\u016f jsou prov\u00e1d\u011bny na m\u00edru klienta, proto n\u00e1s nev\u00e1hejte kontaktovat pro v\u00edce informac\u00ed.<\/p>","protected":false},"excerpt":{"rendered":"<p>Tou\u017e\u00edte okouzlit a b\u00fdt v\u00fdjime\u010dn\u00fd? Chcete b\u00fdt v harmonii s p\u0159\u00edrodou a z\u00e1rove\u0148 m\u00edt komfort luxusn\u00edho hotelu uprost\u0159ed p\u0159\u00edrody? Tento d\u016fm je rozhodn\u011b pro v\u00e1s. V nab\u00eddce je zcela nov\u00fd, modern\u00ed a stylov\u00fd zrcadlov\u00fd d\u016fm, kter\u00fd spln\u00ed ve\u0161ker\u00e9 n\u00e1roky va\u0161ich host\u016f a vyst\u0159el\u00ed va\u0161e ubytov\u00e1n\u00ed na nejvy\u0161\u0161\u00ed p\u0159\u00ed\u010dky. Mirror house m\u00e1 o d\u00e9lce 8m a\u2026<\/p>","protected":false},"featured_media":2398,"parent":0,"menu_order":0,"template":"","meta":[],"kategoria":[24],"class_list":["post-2230","mobilny-dom","type-mobilny-dom","status-publish","has-post-thumbnail","hentry","kategoria-staticke-domy"],"acf":[],"_links":{"self":[{"href":"https:\/\/tinyhouses.travel\/cz\/wp-json\/wp\/v2\/mobilny-dom\/2230","targetHints":{"allow":["GET"]}}],"collection":[{"href":"https:\/\/tinyhouses.travel\/cz\/wp-json\/wp\/v2\/mobilny-dom"}],"about":[{"href":"https:\/\/tinyhouses.travel\/cz\/wp-json\/wp\/v2\/types\/mobilny-dom"}],"wp:featuredmedia":[{"embeddable":true,"href":"https:\/\/tinyhouses.travel\/cz\/wp-json\/wp\/v2\/media\/2398"}],"wp:attachment":[{"href":"https:\/\/tinyhouses.travel\/cz\/wp-json\/wp\/v2\/media?parent=2230"}],"wp:term":[{"taxonomy":"kategoria","embeddable":true,"href":"https:\/\/tinyhouses.travel\/cz\/wp-json\/wp\/v2\/kategoria?post=2230"}],"curies":[{"name":"wp","href":"https:\/\/api.w.org\/{rel}","templated":true}]}}